{"id":1844,"date":"2023-10-31T13:52:36","date_gmt":"2023-10-31T13:52:36","guid":{"rendered":"https:\/\/fiammettamichelacci.com\/tour\/il-david-ei-david\/"},"modified":"2024-02-23T20:15:20","modified_gmt":"2024-02-23T20:15:20","slug":"i-david-di-firenze","status":"publish","type":"tour","link":"https:\/\/fiammettamichelacci.com\/it\/tour\/i-david-di-firenze\/","title":{"rendered":"Il David e\u2026i David"},"content":{"rendered":"\n<p>Il David.<\/p>\n\n<p>Il David, come lo conosciamo tutti. Quello dalle sopracciglia aggrottate e lo sguardo pensoso. Quello con la pietra stretta nel palmo di una mano e la fionda nell\u2019altra, rappresentato un attimo prima di uccidere il gigante Golia.<\/p>\n\n<p>Non ce n\u2019\u00e8 solo uno a Firenze. Ce ne sono ben tre. Uno, quello autentico, di Michelangelo, alla Galleria dell\u2019Accademia.<\/p>\n\n<p>Due copie, famosissime: una in Piazza della Signoria, l\u2019altra a Piazzale Michelangelo.<\/p>\n\n<p>Poi ci sono gli illustri predecessori del David di Michelangelo.<\/p>\n\n<p>Di Donatello e di Verrocchio, al Bargello.<\/p>\n\n<p>Tutte questi David coprono un lunghissimo arco temporale.<\/p>\n\n<p>L\u2019eroe \u00e8 sempre lui, il ragazzino che nella Bibbia, nel libro di Saul, sconfigge il gigante Golia e libera il popolo d\u2019Israele.<\/p>\n\n<p>Ma ogni artista lo ha immaginato a suo modo. Chiss\u00e0 perch\u00e9? Chiss\u00e0 che ripercorrere la storia di David e dei David non possa aiutarci a comprendere il passaggio fra due epoche ben diverse della storia e dell\u2019arte fiorentine. E, al solito, approfondendo i significati nascosti dietro a queste opere, scopriremo ancora qualcosa che, ancora oggi, parla di noi e ci appartiene.<\/p>\n\n<h2 class=\"wp-block-heading\">Per saperne di pi\u00f9\u2026<\/h2>\n\n<p>La visita \u00e8 incentrata sulla storia biblica di David e su come questa \u00e8 stata raccontata da artisti diversi in epoche differenti. Cominceremo dal Museo del Bargello, dove sono tre David a confronto. Uno giovanile, di Donatello, l\u2019amico prediletto di Brunelleschi, che con lui conversava intimamente. Questo David fa un p\u00f2 tenerezza: si riconosce un Donatello ancora immaturo e ancora un p\u00f2 maldestro nel rappresentare il giovinetto, trionfante sulla testa di Golia, in una posa artefatta, troppo arcuata per essere naturale. Era giovane, gli ci vorr\u00e0, infatti, ancora qualche anno per raggiungere la maturit\u00e0 che si rivela nel David  di bronzo degli anni fra il 1430 e il 1440. Un David misteriosissimo, in realt\u00e0. Vi far\u00f2 notare la sua espressione serafica, ammiccante, soddisfatta, per aver portato a termine l\u2019impresa in cui aveva deciso di cimentarsi. Il volto \u00e8 disteso, cos\u00ec come la sua muscolatura, ancora acerba. David trionfa sulla testa di Golia, che ha appena tagliato, usando la di lui arma. In mezzo alla fronte di Golia si riconosce la pietra con cui David lo ha stordito, prima di decapitarlo. In testa David porta un cappello. Un cappello con un buco in mezzo. Chiss\u00e0, qualcuno ha ipotizzato, forse nel foro sul cappello venivano inserite delle piume, segno di trionfo. Forse celebrare il trionfo sul nemico era proprio il motivo per cui il David fu commissionato a Donatello da Cosimo Il Vecchio dei Medici, rientrato vittoriosamente in citt\u00e0, a seguito di un esilio.<\/p>\n\n<p>Ugualmente serafico, sorridente, enigmatico, appare il David di Verrocchio, un artista che dal suo biografo fu definito \u201cdi maniera duretto\u201d, ma che invece \u00e8 stato recentemente riscoperto come un grande maestro, tecnicamente abilissimo e, sopratutto, capace di trasmettere ai propri allievi, fra cui spicca Leonardo da Vinci, questa sua perizia con una sconfinata generosit\u00e0 d\u2019animo.<\/p>\n\n<p>Anch\u2019esso, forse, fu commissionato per celebrare un trionfo: il trionfo, in questo caso, di Piero dei Medici, figlio di Cosimo Il Vecchio e padre di Lorenzo il Magnifico, che sarebbe riuscito a sventare una congiura.<\/p>\n\n<p>Due David, trionfanti, dunque, che hanno portato a termine quanto si erano prefissi, con il supporto della propria fede in Dio.<\/p>\n\n<p>Tutto diverso il David di Michelangelo, che vi mostrer\u00f2 nella Galleria dell\u2019Accademia, dove ci dirigeremo dopo aver attraversato il verone e il suggestivo cortile del Museo del Bargello.<\/p>\n\n<p>Quello di Michelangelo, non \u00e8 certo un David giovinetto, n\u00e9 tanto meno trionfante, serafico o ammiccante.<\/p>\n\n<p>Il David di Michelangelo \u00e8 un uomo adulto, ben formato, dalla struttura corporea oramai ben definita. \u00c9 tormentato, il David di Michelangelo. Sta riflettendo. Non ha ancora scagliato la pietra. \u00c9 abilissimo con la fionda, s\u00ec, ma chiss\u00e0 se questa volta riuscir\u00e0. La sua fede lo sostiene, ma \u00e8 la fede in un Dio che non si vede, non si tocca, non ci si pu\u00f2 parlare. \u00c9 fede e basta. Il re Saul, del resto, aveva tentato di dissuaderlo dall\u2019impresa, ma lui non ne aveva voluto sapere. E se il re avesse avuto ragione? Lui e il suo popolo sarebbero morti. Se invece fosse riuscito nel suo intento, avrebbe ucciso un uomo. Il suo Dio lo avrebbe perdonato?<\/p>\n\n<p>Michelangelo ci mostra David nel pieno di questo tormento interiore, che se ci si pensa, \u00e8 quello che pi\u00f9 volte, ognuno di noi affronta nel corso della vita. Il momento della scelta \u00e8 sempre difficile. Scegliendo si acquista qualcosa, ma si perde qualcos\u2019altro. Si pu\u00f2 sbagliare. Ma si pu\u00f2, solo quando si \u00e8 liberi. E il David di Michelangelo \u00e8 un uomo libero che sceglie. Per questo, si decise, nel 1504, quando il David fu terminato, di non collocarlo, come previsto, in alto sulla Cattedrale, ma di collocarlo davanti al Palazzo della Signoria, divenuto, allora, Palazzo della Repubblica. I Medici erano stati cacciati da Firenze ed in citt\u00e0 era stata istituita la Repubblica, dunque, vigeva, in quegli anni, un regime libero, in cui si poteva scegliere, per noi stessi, e per gli altri, per il popolo, come nel caso dei capi della Repubblica fiorentina.<\/p>\n\n<p>E quale miglior immagine se non quella del David tormentato poteva meglio esprimere la potenza e il tormento di questa libert\u00e0?<\/p>\n\n<p>Nella Galleria dell\u2019Accademia avremo modo di osservare anche le altre opere di Michelangelo che vi sono esposte: i Prigioni, la Piet\u00e0 da Palestrina e il San Matteo.<\/p>\n","protected":false},"excerpt":{"rendered":"<p>Il David. Il David, come lo conosciamo tutti. Quello dalle sopracciglia aggrottate e lo sguardo pensoso. Quello con la pietra stretta nel palmo di una mano e la fionda nell\u2019altra,&#8230;<\/p>\n","protected":false},"author":1,"featured_media":1707,"menu_order":49,"template":"","meta":{"footnotes":""},"tour_tag":[],"tour_category":[43,42],"class_list":["post-1844","tour","type-tour","status-publish","has-post-thumbnail","hentry","tour_category-tour-imperdibili-firenze","tour_category-percorsi-arte-firenze"],"acf":[],"yoast_head":"<!-- This site is optimized with the Yoast SEO plugin v22.1 - https:\/\/yoast.com\/wordpress\/plugins\/seo\/ -->\n<title>Il David e\u2026i David - Fiammetta Michelacci Florence Private Guide<\/title>\n<meta name=\"robots\" content=\"index, follow, max-snippet:-1, max-image-preview:large, max-video-preview:-1\" \/>\n<link rel=\"canonical\" href=\"https:\/\/fiammettamichelacci.com\/it\/tour\/i-david-di-firenze\/\" \/>\n<meta property=\"og:locale\" content=\"it_IT\" \/>\n<meta property=\"og:type\" content=\"article\" \/>\n<meta property=\"og:title\" content=\"Il David e\u2026i David - Fiammetta Michelacci Florence Private Guide\" \/>\n<meta property=\"og:description\" content=\"Il David. Il David, come lo conosciamo tutti. Quello dalle sopracciglia aggrottate e lo sguardo pensoso. Quello con la pietra stretta nel palmo di una mano e la fionda nell\u2019altra,...\" \/>\n<meta property=\"og:url\" content=\"https:\/\/fiammettamichelacci.com\/it\/tour\/i-david-di-firenze\/\" \/>\n<meta property=\"og:site_name\" content=\"Fiammetta Michelacci Florence Private Guide\" \/>\n<meta property=\"article:modified_time\" content=\"2024-02-23T20:15:20+00:00\" \/>\n<meta property=\"og:image\" content=\"https:\/\/fiammettamichelacci.com\/wp-content\/uploads\/david-and.-davids\/david-15.jpg\" \/>\n\t<meta property=\"og:image:width\" content=\"1920\" \/>\n\t<meta property=\"og:image:height\" content=\"1277\" \/>\n\t<meta property=\"og:image:type\" content=\"image\/jpeg\" \/>\n<meta name=\"twitter:card\" content=\"summary_large_image\" \/>\n<meta name=\"twitter:label1\" content=\"Tempo di lettura stimato\" \/>\n\t<meta name=\"twitter:data1\" content=\"4 minuti\" \/>\n<script type=\"application\/ld+json\" class=\"yoast-schema-graph\">{\"@context\":\"https:\/\/schema.org\",\"@graph\":[{\"@type\":\"WebPage\",\"@id\":\"https:\/\/fiammettamichelacci.com\/it\/tour\/i-david-di-firenze\/\",\"url\":\"https:\/\/fiammettamichelacci.com\/it\/tour\/i-david-di-firenze\/\",\"name\":\"Il David e\u2026i David - Fiammetta Michelacci Florence Private Guide\",\"isPartOf\":{\"@id\":\"https:\/\/fiammettamichelacci.com\/it\/#website\"},\"datePublished\":\"2023-10-31T13:52:36+00:00\",\"dateModified\":\"2024-02-23T20:15:20+00:00\",\"breadcrumb\":{\"@id\":\"https:\/\/fiammettamichelacci.com\/it\/tour\/i-david-di-firenze\/#breadcrumb\"},\"inLanguage\":\"it-IT\",\"potentialAction\":[{\"@type\":\"ReadAction\",\"target\":[\"https:\/\/fiammettamichelacci.com\/it\/tour\/i-david-di-firenze\/\"]}]},{\"@type\":\"BreadcrumbList\",\"@id\":\"https:\/\/fiammettamichelacci.com\/it\/tour\/i-david-di-firenze\/#breadcrumb\",\"itemListElement\":[{\"@type\":\"ListItem\",\"position\":1,\"name\":\"Home\",\"item\":\"https:\/\/fiammettamichelacci.com\/it\/\"},{\"@type\":\"ListItem\",\"position\":2,\"name\":\"Tours\",\"item\":\"https:\/\/fiammettamichelacci.com\/it\/tours\/\"},{\"@type\":\"ListItem\",\"position\":3,\"name\":\"Il David e\u2026i David\"}]},{\"@type\":\"WebSite\",\"@id\":\"https:\/\/fiammettamichelacci.com\/it\/#website\",\"url\":\"https:\/\/fiammettamichelacci.com\/it\/\",\"name\":\"Fiammetta Michelacci Florence Private Guide\",\"description\":\"\",\"publisher\":{\"@id\":\"https:\/\/fiammettamichelacci.com\/it\/#organization\"},\"potentialAction\":[{\"@type\":\"SearchAction\",\"target\":{\"@type\":\"EntryPoint\",\"urlTemplate\":\"https:\/\/fiammettamichelacci.com\/it\/?s={search_term_string}\"},\"query-input\":\"required name=search_term_string\"}],\"inLanguage\":\"it-IT\"},{\"@type\":\"Organization\",\"@id\":\"https:\/\/fiammettamichelacci.com\/it\/#organization\",\"name\":\"Fiammetta Michelacci Florence Private Guide\",\"url\":\"https:\/\/fiammettamichelacci.com\/it\/\",\"logo\":{\"@type\":\"ImageObject\",\"inLanguage\":\"it-IT\",\"@id\":\"https:\/\/fiammettamichelacci.com\/it\/#\/schema\/logo\/image\/\",\"url\":\"https:\/\/fiammettamichelacci.com\/wp-content\/uploads\/logo\/verticale-mattone.svg\",\"contentUrl\":\"https:\/\/fiammettamichelacci.com\/wp-content\/uploads\/logo\/verticale-mattone.svg\",\"width\":313.53,\"height\":475.56,\"caption\":\"Fiammetta Michelacci Florence Private Guide\"},\"image\":{\"@id\":\"https:\/\/fiammettamichelacci.com\/it\/#\/schema\/logo\/image\/\"}}]}<\/script>\n<!-- \/ Yoast SEO plugin. -->","yoast_head_json":{"title":"Il David e\u2026i David - Fiammetta Michelacci Florence Private Guide","robots":{"index":"index","follow":"follow","max-snippet":"max-snippet:-1","max-image-preview":"max-image-preview:large","max-video-preview":"max-video-preview:-1"},"canonical":"https:\/\/fiammettamichelacci.com\/it\/tour\/i-david-di-firenze\/","og_locale":"it_IT","og_type":"article","og_title":"Il David e\u2026i David - Fiammetta Michelacci Florence Private Guide","og_description":"Il David. Il David, come lo conosciamo tutti. Quello dalle sopracciglia aggrottate e lo sguardo pensoso. Quello con la pietra stretta nel palmo di una mano e la fionda nell\u2019altra,...","og_url":"https:\/\/fiammettamichelacci.com\/it\/tour\/i-david-di-firenze\/","og_site_name":"Fiammetta Michelacci Florence Private Guide","article_modified_time":"2024-02-23T20:15:20+00:00","og_image":[{"width":1920,"height":1277,"url":"https:\/\/fiammettamichelacci.com\/wp-content\/uploads\/david-and.-davids\/david-15.jpg","type":"image\/jpeg"}],"twitter_card":"summary_large_image","twitter_misc":{"Tempo di lettura stimato":"4 minuti"},"schema":{"@context":"https:\/\/schema.org","@graph":[{"@type":"WebPage","@id":"https:\/\/fiammettamichelacci.com\/it\/tour\/i-david-di-firenze\/","url":"https:\/\/fiammettamichelacci.com\/it\/tour\/i-david-di-firenze\/","name":"Il David e\u2026i David - Fiammetta Michelacci Florence Private Guide","isPartOf":{"@id":"https:\/\/fiammettamichelacci.com\/it\/#website"},"datePublished":"2023-10-31T13:52:36+00:00","dateModified":"2024-02-23T20:15:20+00:00","breadcrumb":{"@id":"https:\/\/fiammettamichelacci.com\/it\/tour\/i-david-di-firenze\/#breadcrumb"},"inLanguage":"it-IT","potentialAction":[{"@type":"ReadAction","target":["https:\/\/fiammettamichelacci.com\/it\/tour\/i-david-di-firenze\/"]}]},{"@type":"BreadcrumbList","@id":"https:\/\/fiammettamichelacci.com\/it\/tour\/i-david-di-firenze\/#breadcrumb","itemListElement":[{"@type":"ListItem","position":1,"name":"Home","item":"https:\/\/fiammettamichelacci.com\/it\/"},{"@type":"ListItem","position":2,"name":"Tours","item":"https:\/\/fiammettamichelacci.com\/it\/tours\/"},{"@type":"ListItem","position":3,"name":"Il David e\u2026i David"}]},{"@type":"WebSite","@id":"https:\/\/fiammettamichelacci.com\/it\/#website","url":"https:\/\/fiammettamichelacci.com\/it\/","name":"Fiammetta Michelacci Florence Private Guide","description":"","publisher":{"@id":"https:\/\/fiammettamichelacci.com\/it\/#organization"},"potentialAction":[{"@type":"SearchAction","target":{"@type":"EntryPoint","urlTemplate":"https:\/\/fiammettamichelacci.com\/it\/?s={search_term_string}"},"query-input":"required name=search_term_string"}],"inLanguage":"it-IT"},{"@type":"Organization","@id":"https:\/\/fiammettamichelacci.com\/it\/#organization","name":"Fiammetta Michelacci Florence Private Guide","url":"https:\/\/fiammettamichelacci.com\/it\/","logo":{"@type":"ImageObject","inLanguage":"it-IT","@id":"https:\/\/fiammettamichelacci.com\/it\/#\/schema\/logo\/image\/","url":"https:\/\/fiammettamichelacci.com\/wp-content\/uploads\/logo\/verticale-mattone.svg","contentUrl":"https:\/\/fiammettamichelacci.com\/wp-content\/uploads\/logo\/verticale-mattone.svg","width":313.53,"height":475.56,"caption":"Fiammetta Michelacci Florence Private Guide"},"image":{"@id":"https:\/\/fiammettamichelacci.com\/it\/#\/schema\/logo\/image\/"}}]}},"_links":{"self":[{"href":"https:\/\/fiammettamichelacci.com\/it\/wp-json\/wp\/v2\/tour\/1844","targetHints":{"allow":["GET"]}}],"collection":[{"href":"https:\/\/fiammettamichelacci.com\/it\/wp-json\/wp\/v2\/tour"}],"about":[{"href":"https:\/\/fiammettamichelacci.com\/it\/wp-json\/wp\/v2\/types\/tour"}],"author":[{"embeddable":true,"href":"https:\/\/fiammettamichelacci.com\/it\/wp-json\/wp\/v2\/users\/1"}],"version-history":[{"count":0,"href":"https:\/\/fiammettamichelacci.com\/it\/wp-json\/wp\/v2\/tour\/1844\/revisions"}],"wp:featuredmedia":[{"embeddable":true,"href":"https:\/\/fiammettamichelacci.com\/it\/wp-json\/wp\/v2\/media\/1707"}],"wp:attachment":[{"href":"https:\/\/fiammettamichelacci.com\/it\/wp-json\/wp\/v2\/media?parent=1844"}],"wp:term":[{"taxonomy":"tour_tag","embeddable":true,"href":"https:\/\/fiammettamichelacci.com\/it\/wp-json\/wp\/v2\/tour_tag?post=1844"},{"taxonomy":"tour_category","embeddable":true,"href":"https:\/\/fiammettamichelacci.com\/it\/wp-json\/wp\/v2\/tour_category?post=1844"}],"curies":[{"name":"wp","href":"https:\/\/api.w.org\/{rel}","templated":true}]}}