{"id":1992,"date":"2023-12-06T10:21:20","date_gmt":"2023-12-06T10:21:20","guid":{"rendered":"https:\/\/fiammettamichelacci.com\/tour\/la-florence-de-vasco-pratolini\/"},"modified":"2024-02-29T14:38:41","modified_gmt":"2024-02-29T14:38:41","slug":"la-florence-de-vasco-pratolini","status":"publish","type":"tour","link":"https:\/\/fiammettamichelacci.com\/fr\/tour\/la-florence-de-vasco-pratolini\/","title":{"rendered":"La Florence de Vasco Pratolini"},"content":{"rendered":"\n<p>Vasco Pratolini est n\u00e9 \u00e0 Florence, via de\u2019 Magazzini, le 19 octobre 1913. Via de\u2019 Magazzini est une rue \u00e9troite et longue, comme toutes celles de la Florence m\u00e9di\u00e9vale. De la majestueuse Piazza della Signoria, via de\u2019 Magazzini est une ruelle sombre, o\u00f9 les maisons-tours denses cr\u00e9ent un tissu urbain aux mailles serr\u00e9es. Rien n&#8217;attend sur via de\u2019 Magazzini. En effet, elle est presque d\u00e9serte par rapport \u00e0 la foule qui se presse aux pieds de David, attendant leur tour pour une photo avec le g\u00e9ant magnifique et c\u00e9l\u00e8bre, se pr\u00e9cipitant pour ne pas \u00eatre en retard \u00e0 l&#8217;entr\u00e9e des Uffizi.<\/p>\n\n<p>Pourtant, si vous fermez les yeux et laissez votre imagination travailler, cette rue, comme celles adjacentes, nous parle de Florence telle qu&#8217;elle \u00e9tait au si\u00e8cle dernier, avant de devenir une destination pris\u00e9e du tourisme de masse et quand les Florentins l&#8217;habitaient encore.<\/p>\n\n<p>Au num\u00e9ro 1 via de\u2019 Magazzini, une plaque indique le lieu de naissance de Pratolini. Dans ses romans, il raconte comment sa m\u00e8re et sa grand-m\u00e8re l&#8217;amusaient en le pla\u00e7ant pr\u00e8s de la fen\u00eatre, et il passait des heures \u00e0 observer les militaires dans leur routine quotidienne. Pendant la guerre, le b\u00e2timent en face avait \u00e9t\u00e9 transform\u00e9 en caserne.<\/p>\n\n<p>De via de\u2019 Magazzini, on se dirige vers Piazza San Firenze pour prendre via dei Leoni. Cependant, au lieu de se diriger vers l&#8217;Arno, \u00e0 cet endroit domin\u00e9 par le ch\u00e2teau d&#8217;Altafronte, maintenant le Mus\u00e9e Galil\u00e9e, on s&#8217;engage dans une ruelle o\u00f9, comme le dit Vasco Pratolini, &#8220;on va seulement si on doit faire une commission ou si on doit rendre visite \u00e0 quelqu&#8217;un&#8221;.<\/p>\n\n<p>Nous voil\u00e0 donc sur Via del Corno, o\u00f9 Pratolini situe les Chroniques des Pauvres Amants. Nous sommes au milieu des ann\u00e9es 1920, et la courte rue, longue d&#8217;\u00e0 peine cinquante m\u00e8tres, est le lieu o\u00f9 ses habitants affrontent chacun leur propre parcours de vie. Des parcours qui s&#8217;entrem\u00ealent, qui se nouent parfois, pour se s\u00e9parer, puis se reconnecter \u00e0 nouveau.<\/p>\n\n<p>On dirait qu&#8217;on peut encore entendre leurs voix : Nesi le charbonnier, Maciste le forgeron, et puis les Anges Gardiens, les filles Aurora, Liliana, Bianca, Clara. La rue, extr\u00eamement calme m\u00eame un jour touristique charg\u00e9, conserve encore des traces du pass\u00e9 : il suffit d&#8217;\u00e9couter et d&#8217;observer. Un tabernacle, \u00e0 l&#8217;angle avec via dei Leoni, repr\u00e9sente une Vierge tenant la Cath\u00e9drale, comme pour la prot\u00e9ger ; sur la fa\u00e7ade d&#8217;un b\u00e2timent, l&#8217;une des fen\u00eatres dites pour les enfants s&#8217;ouvre plus bas, o\u00f9 les enfants pouvaient se pencher sans danger de tomber, peut-\u00eatre debout sur une chaise ; les portes des morts, plus petites, \u00e0 c\u00f4t\u00e9 de celles principales, par o\u00f9 passaient les d\u00e9funts pour \u00eatre enterr\u00e9s, car passer par la porte principale \u00e9tait mal vu.<\/p>\n\n<p>Ainsi, c&#8217;est une rue qui semble insignifiante mais qui est en r\u00e9alit\u00e9 pleine de traces de notre pass\u00e9. Notre voyage se poursuit vers via Vinegia, o\u00f9 se trouvait une auberge du m\u00eame nom, Piazza San Remigio, Piazza Peruzzi, Via del Canto, Via dell\u2019Isola delle Stinche et Via dei Lavatoi. La toponymie nous rappelle que ces zones \u00e9taient autrefois riches en eau, et c&#8217;est pr\u00e9cis\u00e9ment ici, o\u00f9 le linge \u00e9tait lav\u00e9 et o\u00f9 se trouvait une prison entour\u00e9e d&#8217;un foss\u00e9, que s&#8217;ouvre la petite place de San Simone, avec l&#8217;\u00e9glise de San Simone et Giuda, qui abrite actuellement la communaut\u00e9 religieuse ukrainienne.<\/p>\n\n<p>Et plus loin, vers Via dei Pepi, puis Via della Rosa, Via dell\u2019Ulivo, Via del Fico, Via della Salvia et Via del Ramerino, pour nous rappeler qu&#8217;il y avait des champs, des plantes et des cultures de toutes sortes ici.<\/p>\n\n<p>Le voyage pourrait se prolonger longtemps, traversant Piazza Santa Croce, puis l&#8217;Arno depuis le Ponte alle Grazie, pour ensuite monter par Via dei Bardi, vers Costa San Giorgio, Via San Leonardo, que Vasco Pratolini, enfant, parcourait main dans la main avec sa grand-m\u00e8re lorsqu&#8217;il rendait visite \u00e0 son fr\u00e8re, adopt\u00e9 par mis\u00e9ricorde par les riches seigneurs de la Casa Rossa, justement en Via San Leonardo.<\/p>\n\n<p>La relation de Vasco Pratolini avec son fr\u00e8re est l&#8217;une des pages les plus intenses, profondes et \u00e9mouvantes de la vie de ce grand chroniqueur de la Florence du XXe si\u00e8cle. Il en parle dans Chronique Familiale, l&#8217;un de ses romans les plus connus, et nous en discuterons ensemble lors de cette visite, qui se termine ici, avec nos regards tourn\u00e9s vers le Cimeti\u00e8re de Porte Sante, o\u00f9 Pratolini a \u00e9t\u00e9 enterr\u00e9 en 1991 apr\u00e8s sa mort.<\/p>\n","protected":false},"excerpt":{"rendered":"<p>Vasco Pratolini est n\u00e9 \u00e0 Florence, via de\u2019 Magazzini, le 19 octobre 1913. Via de\u2019 Magazzini est une rue \u00e9troite et longue, comme toutes celles de la Florence m\u00e9di\u00e9vale. De&#8230;<\/p>\n","protected":false},"author":1,"featured_media":1572,"menu_order":21,"template":"","meta":{"footnotes":""},"tour_tag":[],"tour_category":[53],"class_list":["post-1992","tour","type-tour","status-publish","has-post-thumbnail","hentry","tour_category-special-tours-florence"],"acf":[],"yoast_head":"<!-- This site is optimized with the Yoast SEO plugin v22.1 - https:\/\/yoast.com\/wordpress\/plugins\/seo\/ -->\n<title>La Florence de Vasco Pratolini - Fiammetta Michelacci<\/title>\n<meta name=\"robots\" content=\"index, follow, max-snippet:-1, max-image-preview:large, max-video-preview:-1\" \/>\n<link rel=\"canonical\" href=\"https:\/\/fiammettamichelacci.com\/fr\/tour\/la-florence-de-vasco-pratolini\/\" \/>\n<meta property=\"og:locale\" content=\"fr_FR\" \/>\n<meta property=\"og:type\" content=\"article\" \/>\n<meta property=\"og:title\" content=\"La Florence de Vasco Pratolini - Fiammetta Michelacci\" \/>\n<meta property=\"og:description\" content=\"Vasco Pratolini est n\u00e9 \u00e0 Florence, via de\u2019 Magazzini, le 19 octobre 1913. Via de\u2019 Magazzini est une rue \u00e9troite et longue, comme toutes celles de la Florence m\u00e9di\u00e9vale. De...\" \/>\n<meta property=\"og:url\" content=\"https:\/\/fiammettamichelacci.com\/fr\/tour\/la-florence-de-vasco-pratolini\/\" \/>\n<meta property=\"og:site_name\" content=\"Fiammetta Michelacci\" \/>\n<meta property=\"article:modified_time\" content=\"2024-02-29T14:38:41+00:00\" \/>\n<meta property=\"og:image\" content=\"https:\/\/fiammettamichelacci.com\/wp-content\/uploads\/vasco-pratolini\/vasco-pratolini-5.jpg\" \/>\n\t<meta property=\"og:image:width\" content=\"1920\" \/>\n\t<meta property=\"og:image:height\" content=\"1440\" \/>\n\t<meta property=\"og:image:type\" content=\"image\/jpeg\" \/>\n<meta name=\"twitter:card\" content=\"summary_large_image\" \/>\n<meta name=\"twitter:label1\" content=\"Dur\u00e9e de lecture estim\u00e9e\" \/>\n\t<meta name=\"twitter:data1\" content=\"4 minutes\" \/>\n<script type=\"application\/ld+json\" class=\"yoast-schema-graph\">{\"@context\":\"https:\/\/schema.org\",\"@graph\":[{\"@type\":\"WebPage\",\"@id\":\"https:\/\/fiammettamichelacci.com\/fr\/tour\/la-florence-de-vasco-pratolini\/\",\"url\":\"https:\/\/fiammettamichelacci.com\/fr\/tour\/la-florence-de-vasco-pratolini\/\",\"name\":\"La Florence de Vasco Pratolini - Fiammetta Michelacci\",\"isPartOf\":{\"@id\":\"https:\/\/fiammettamichelacci.com\/fr\/#website\"},\"datePublished\":\"2023-12-06T10:21:20+00:00\",\"dateModified\":\"2024-02-29T14:38:41+00:00\",\"breadcrumb\":{\"@id\":\"https:\/\/fiammettamichelacci.com\/fr\/tour\/la-florence-de-vasco-pratolini\/#breadcrumb\"},\"inLanguage\":\"fr-FR\",\"potentialAction\":[{\"@type\":\"ReadAction\",\"target\":[\"https:\/\/fiammettamichelacci.com\/fr\/tour\/la-florence-de-vasco-pratolini\/\"]}]},{\"@type\":\"BreadcrumbList\",\"@id\":\"https:\/\/fiammettamichelacci.com\/fr\/tour\/la-florence-de-vasco-pratolini\/#breadcrumb\",\"itemListElement\":[{\"@type\":\"ListItem\",\"position\":1,\"name\":\"Home\",\"item\":\"https:\/\/fiammettamichelacci.com\/fr\/\"},{\"@type\":\"ListItem\",\"position\":2,\"name\":\"Tours\",\"item\":\"https:\/\/fiammettamichelacci.com\/fr\/tours\/\"},{\"@type\":\"ListItem\",\"position\":3,\"name\":\"La Florence de Vasco Pratolini\"}]},{\"@type\":\"WebSite\",\"@id\":\"https:\/\/fiammettamichelacci.com\/fr\/#website\",\"url\":\"https:\/\/fiammettamichelacci.com\/fr\/\",\"name\":\"Fiammetta Michelacci\",\"description\":\"\",\"publisher\":{\"@id\":\"https:\/\/fiammettamichelacci.com\/fr\/#organization\"},\"potentialAction\":[{\"@type\":\"SearchAction\",\"target\":{\"@type\":\"EntryPoint\",\"urlTemplate\":\"https:\/\/fiammettamichelacci.com\/fr\/?s={search_term_string}\"},\"query-input\":\"required name=search_term_string\"}],\"inLanguage\":\"fr-FR\"},{\"@type\":\"Organization\",\"@id\":\"https:\/\/fiammettamichelacci.com\/fr\/#organization\",\"name\":\"Fiammetta Michelacci\",\"url\":\"https:\/\/fiammettamichelacci.com\/fr\/\",\"logo\":{\"@type\":\"ImageObject\",\"inLanguage\":\"fr-FR\",\"@id\":\"https:\/\/fiammettamichelacci.com\/fr\/#\/schema\/logo\/image\/\",\"url\":\"https:\/\/fiammettamichelacci.com\/wp-content\/uploads\/logo\/verticale-mattone.svg\",\"contentUrl\":\"https:\/\/fiammettamichelacci.com\/wp-content\/uploads\/logo\/verticale-mattone.svg\",\"width\":313.53,\"height\":475.56,\"caption\":\"Fiammetta Michelacci\"},\"image\":{\"@id\":\"https:\/\/fiammettamichelacci.com\/fr\/#\/schema\/logo\/image\/\"}}]}<\/script>\n<!-- \/ Yoast SEO plugin. -->","yoast_head_json":{"title":"La Florence de Vasco Pratolini - Fiammetta Michelacci","robots":{"index":"index","follow":"follow","max-snippet":"max-snippet:-1","max-image-preview":"max-image-preview:large","max-video-preview":"max-video-preview:-1"},"canonical":"https:\/\/fiammettamichelacci.com\/fr\/tour\/la-florence-de-vasco-pratolini\/","og_locale":"fr_FR","og_type":"article","og_title":"La Florence de Vasco Pratolini - Fiammetta Michelacci","og_description":"Vasco Pratolini est n\u00e9 \u00e0 Florence, via de\u2019 Magazzini, le 19 octobre 1913. Via de\u2019 Magazzini est une rue \u00e9troite et longue, comme toutes celles de la Florence m\u00e9di\u00e9vale. De...","og_url":"https:\/\/fiammettamichelacci.com\/fr\/tour\/la-florence-de-vasco-pratolini\/","og_site_name":"Fiammetta Michelacci","article_modified_time":"2024-02-29T14:38:41+00:00","og_image":[{"width":1920,"height":1440,"url":"https:\/\/fiammettamichelacci.com\/wp-content\/uploads\/vasco-pratolini\/vasco-pratolini-5.jpg","type":"image\/jpeg"}],"twitter_card":"summary_large_image","twitter_misc":{"Dur\u00e9e de lecture estim\u00e9e":"4 minutes"},"schema":{"@context":"https:\/\/schema.org","@graph":[{"@type":"WebPage","@id":"https:\/\/fiammettamichelacci.com\/fr\/tour\/la-florence-de-vasco-pratolini\/","url":"https:\/\/fiammettamichelacci.com\/fr\/tour\/la-florence-de-vasco-pratolini\/","name":"La Florence de Vasco Pratolini - Fiammetta Michelacci","isPartOf":{"@id":"https:\/\/fiammettamichelacci.com\/fr\/#website"},"datePublished":"2023-12-06T10:21:20+00:00","dateModified":"2024-02-29T14:38:41+00:00","breadcrumb":{"@id":"https:\/\/fiammettamichelacci.com\/fr\/tour\/la-florence-de-vasco-pratolini\/#breadcrumb"},"inLanguage":"fr-FR","potentialAction":[{"@type":"ReadAction","target":["https:\/\/fiammettamichelacci.com\/fr\/tour\/la-florence-de-vasco-pratolini\/"]}]},{"@type":"BreadcrumbList","@id":"https:\/\/fiammettamichelacci.com\/fr\/tour\/la-florence-de-vasco-pratolini\/#breadcrumb","itemListElement":[{"@type":"ListItem","position":1,"name":"Home","item":"https:\/\/fiammettamichelacci.com\/fr\/"},{"@type":"ListItem","position":2,"name":"Tours","item":"https:\/\/fiammettamichelacci.com\/fr\/tours\/"},{"@type":"ListItem","position":3,"name":"La Florence de Vasco Pratolini"}]},{"@type":"WebSite","@id":"https:\/\/fiammettamichelacci.com\/fr\/#website","url":"https:\/\/fiammettamichelacci.com\/fr\/","name":"Fiammetta Michelacci","description":"","publisher":{"@id":"https:\/\/fiammettamichelacci.com\/fr\/#organization"},"potentialAction":[{"@type":"SearchAction","target":{"@type":"EntryPoint","urlTemplate":"https:\/\/fiammettamichelacci.com\/fr\/?s={search_term_string}"},"query-input":"required name=search_term_string"}],"inLanguage":"fr-FR"},{"@type":"Organization","@id":"https:\/\/fiammettamichelacci.com\/fr\/#organization","name":"Fiammetta Michelacci","url":"https:\/\/fiammettamichelacci.com\/fr\/","logo":{"@type":"ImageObject","inLanguage":"fr-FR","@id":"https:\/\/fiammettamichelacci.com\/fr\/#\/schema\/logo\/image\/","url":"https:\/\/fiammettamichelacci.com\/wp-content\/uploads\/logo\/verticale-mattone.svg","contentUrl":"https:\/\/fiammettamichelacci.com\/wp-content\/uploads\/logo\/verticale-mattone.svg","width":313.53,"height":475.56,"caption":"Fiammetta Michelacci"},"image":{"@id":"https:\/\/fiammettamichelacci.com\/fr\/#\/schema\/logo\/image\/"}}]}},"_links":{"self":[{"href":"https:\/\/fiammettamichelacci.com\/fr\/wp-json\/wp\/v2\/tour\/1992","targetHints":{"allow":["GET"]}}],"collection":[{"href":"https:\/\/fiammettamichelacci.com\/fr\/wp-json\/wp\/v2\/tour"}],"about":[{"href":"https:\/\/fiammettamichelacci.com\/fr\/wp-json\/wp\/v2\/types\/tour"}],"author":[{"embeddable":true,"href":"https:\/\/fiammettamichelacci.com\/fr\/wp-json\/wp\/v2\/users\/1"}],"version-history":[{"count":0,"href":"https:\/\/fiammettamichelacci.com\/fr\/wp-json\/wp\/v2\/tour\/1992\/revisions"}],"wp:featuredmedia":[{"embeddable":true,"href":"https:\/\/fiammettamichelacci.com\/fr\/wp-json\/wp\/v2\/media\/1572"}],"wp:attachment":[{"href":"https:\/\/fiammettamichelacci.com\/fr\/wp-json\/wp\/v2\/media?parent=1992"}],"wp:term":[{"taxonomy":"tour_tag","embeddable":true,"href":"https:\/\/fiammettamichelacci.com\/fr\/wp-json\/wp\/v2\/tour_tag?post=1992"},{"taxonomy":"tour_category","embeddable":true,"href":"https:\/\/fiammettamichelacci.com\/fr\/wp-json\/wp\/v2\/tour_category?post=1992"}],"curies":[{"name":"wp","href":"https:\/\/api.w.org\/{rel}","templated":true}]}}